{"id":94,"date":"2024-07-12T01:14:48","date_gmt":"2024-07-12T01:14:48","guid":{"rendered":"https:\/\/mwolanin.pl\/?page_id=94"},"modified":"2025-11-09T21:16:43","modified_gmt":"2025-11-09T21:16:43","slug":"o-mnie","status":"publish","type":"page","link":"https:\/\/mwolanin.pl\/en\/o-mnie\/","title":{"rendered":"O mnie"},"content":{"rendered":"<p><strong>Miko\u0142aj Wolanin <\/strong>\u2013 urodzony w 2002 roku student V roku prawa na Uniwersytecie Warszawskim oraz magister prawa kanonicznego. W ramach wirtualnej mobilno\u015bci sojuszu 4EU+ w roku akademickim 2022\/2023 uczy\u0142 si\u0119 zdalnie na Uniwersytecie Karola w Pradze. W okresie lipiec\u2013wrzesie\u0144 2023 przebywa\u0142 z wizyt\u0105 na Wydziale Prawa Uniwersytetu w Weronie (W\u0142ochy). W marcu 2024 r. odby\u0142 za\u015b miesi\u0119czny sta\u017c w Instytucie Komparatystycznego Prawa Publicznego i Prawa Mi\u0119dzynarodowego im. Maxa Plancka w Heidelbergu (Niemcy), na kt\u00f3ry otrzymuje zaproszenie rocznie 6\u20138 student\u00f3w spo\u015br\u00f3d oko\u0142o 200 aplikuj\u0105cych.<\/p>\r\n\r\n\r\n\r\n<p>Od 2019 r. prezes i fundator Fundacji na rzecz Praw Ucznia (KRS: 0000814229), kt\u00f3r\u0105 za\u0142o\u017cy\u0142 jako niepe\u0142noletni na podstawie zezwolenia s\u0105du rodzinnego. Od 2020 r. przewodnicz\u0105cy Komitetu G\u0142\u00f3wnego Olimpiady Wiedzy o Prawach Ucznia, od 2021 r. obserwator z ramienia Fundacji do Child Rights Connect w Genewie, a od marca 2024 r. cz\u0142onek Zespo\u0142u ds. Praw i Obowi\u0105zk\u00f3w Ucznia przy Ministrze Edukacji Narodowej.<\/p>\r\n\r\n\r\n\r\n<p>Absolwent II Liceum Og\u00f3lnokszta\u0142c\u0105cego im. Genera\u0142owej Zamoyskiej i Heleny Modrzejewskiej w Poznaniu z 13 tytu\u0142ami laureata lub finalisty og\u00f3lnopolskich olimpiad, a tak\u017ce 2 tytu\u0142ami laureata konkurs\u00f3w og\u00f3lnokrajowych.<\/p>\r\n\r\n\r\n\r\n<p>W 2017 r. marsza\u0142ek XXIII sesji Sejmu Dzieci i M\u0142odzie\u017cy. Od 2018 do 2022 r. wsp\u00f3\u0142organizator obrad Parlamentu M\u0142odych Rzeczypospolitej Polskiej (w pierwszej edycji pn. Parlament Dzieci i M\u0142odzie\u017cy, zainicjowany w wyniku odwo\u0142ania XXIV sesji Sejmu Dzieci i M\u0142odzie\u017cy w 2018 r.). Za\u0142o\u017cyciel i by\u0142y redaktor prowadz\u0105cy \u201eGazety Kongresy\u201d \u2013 m\u0142odzie\u017cowego miesi\u0119cznika.<\/p>\r\n\r\n\r\n\r\n<p>W ka\u017cdym mo\u017cliwym roku aplikowania laureat stypendi\u00f3w naukowych Rektora UW i ministra w\u0142a\u015bciwego. Ponadto, w latach 2023\u20132025 stypendysta Rafa\u0142 Brzoska Foundation. W 2020 r. jedyny nominowany z Polski do Mi\u0119dzynarodowej Dzieci\u0119cej Nagrody Pokoju (International Children&#8217;s Peace Prize), a w 2023 r. laureat nagrody g\u0142\u00f3wnej Nagrody Prezydenta m.st. Warszawy dla os\u00f3b m\u0142odych dzia\u0142aj\u0105cych na rzecz spo\u0142ecze\u0144stwa obywatelskiego im. Tadeusza Mazowieckiego (jeden z 3 laureat\u00f3w nagrody g\u0142\u00f3wnej spo\u015br\u00f3d 91 nominacji).<\/p>\r\n<p>W 2024 r. og\u0142oszony jednym z 10 finalist\u00f3w (jedynym z Europy) nagrody <em>Global Student Prize award <\/em>spo\u015br\u00f3d ponad 11 000 zg\u0142oszonych ze 176 pa\u0144stw.<\/p>\r\n<p>W 2025 r. odznaczony bezpo\u015brednio przez Ministr\u0119 Eduakcji Barbar\u0119 Nowack\u0105 Medalem Komisji Edukacji Narodowej.<\/p>\r\n\r\n\r\n\r\n<p>Od lutego 2022 r. do czerwca 2023 r. pracowa\u0142 w Punkcie Pobytu Kr\u00f3tkoterminowego dla Uchod\u017ac\u00f3w z Ukrainy prowadzonym przez m.st. Warszaw\u0119 \u2013 najpierw jako wolontariusz, a od maja 2022 r. jako pe\u0142noetatowy pracownik Warszawskiego O\u015brodka Interwencji Kryzysowej, g\u0142\u00f3wnie na zmiany nocne (by po\u0142\u0105czy\u0107 prac\u0119 z w\u0142asn\u0105 Fundacj\u0105 i dwoma kierunkami studi\u00f3w). Punkt zako\u0144czy\u0142 swoje dzia\u0142anie w czerwcu 2023 r. w zwi\u0105zku ze stosown\u0105 decyzj\u0105 warszawskiego Magistratu, a w trakcie swojego operowania przyj\u0105\u0142 ponad 7000 os\u00f3b w kryzysie wojennym.<\/p>","protected":false},"excerpt":{"rendered":"<p>Miko\u0142aj Wolanin \u2013 urodzony w 2002 roku student V roku prawa na Uniwersytecie Warszawskim oraz magister prawa kanonicznego. W ramach wirtualnej mobilno\u015bci sojuszu 4EU+ w roku akademickim 2022\/2023 uczy\u0142 si\u0119 zdalnie na Uniwersytecie Karola w Pradze. W okresie lipiec\u2013wrzesie\u0144 2023 przebywa\u0142 z [&hellip;]<\/p>","protected":false},"author":1,"featured_media":0,"parent":0,"menu_order":0,"comment_status":"closed","ping_status":"closed","template":"","meta":{"footnotes":""},"class_list":["post-94","page","type-page","status-publish","hentry"],"_links":{"self":[{"href":"https:\/\/mwolanin.pl\/en\/wp-json\/wp\/v2\/pages\/94","targetHints":{"allow":["GET"]}}],"collection":[{"href":"https:\/\/mwolanin.pl\/en\/wp-json\/wp\/v2\/pages"}],"about":[{"href":"https:\/\/mwolanin.pl\/en\/wp-json\/wp\/v2\/types\/page"}],"author":[{"embeddable":true,"href":"https:\/\/mwolanin.pl\/en\/wp-json\/wp\/v2\/users\/1"}],"replies":[{"embeddable":true,"href":"https:\/\/mwolanin.pl\/en\/wp-json\/wp\/v2\/comments?post=94"}],"version-history":[{"count":6,"href":"https:\/\/mwolanin.pl\/en\/wp-json\/wp\/v2\/pages\/94\/revisions"}],"predecessor-version":[{"id":197,"href":"https:\/\/mwolanin.pl\/en\/wp-json\/wp\/v2\/pages\/94\/revisions\/197"}],"wp:attachment":[{"href":"https:\/\/mwolanin.pl\/en\/wp-json\/wp\/v2\/media?parent=94"}],"curies":[{"name":"wp","href":"https:\/\/api.w.org\/{rel}","templated":true}]}}